{"id":21,"date":"2024-01-24T13:07:14","date_gmt":"2024-01-24T16:07:14","guid":{"rendered":"https:\/\/disciplinas.ime.unicamp.br\/ma141\/?page_id=21"},"modified":"2025-03-06T09:24:50","modified_gmt":"2025-03-06T12:24:50","slug":"recursos-de-estudo","status":"publish","type":"page","link":"https:\/\/disciplinas.ime.unicamp.br\/ma141\/recursos-de-estudo\/","title":{"rendered":"Recursos de estudo"},"content":{"rendered":"\n<h2 class=\"wp-block-heading\"><strong>Livro-texto da disciplina:<\/strong><\/h2>\n\n\n\n<ul class=\"wp-block-list\">\n<li>R. J. Santos, Matrizes, Vetores e Geometria Anal\u00edtica, Imprensa Universit\u00e1ria da UFMG.&nbsp;<a href=\"https:\/\/www.dropbox.com\/s\/aa71ogpk8xski1j\/gaalt1.pdf?m\">Vers\u00e3o online<\/a><\/li>\n<\/ul>\n\n\n\n<h2 class=\"wp-block-heading\"><strong>Outros bons livros de consulta e que est\u00e3o dispon\u00edveis na UNICAMP s\u00e3o:<\/strong><\/h2>\n\n\n\n<ul class=\"wp-block-list\">\n<li>J.M. Martinez, Notas de Geometria Anal\u00edtica. <a href=\"\/ma141\/wp-content\/uploads\/sites\/10\/2024\/01\/geoanal.pdf\" target=\"_blank\" rel=\"noreferrer noopener\">Vers\u00e3o online<\/a><\/li>\n\n\n\n<li>A. A. Moura, \u00c1lgebra Linear com Geometria Anal\u00edtica. Vers\u00e3o online<\/li>\n\n\n\n<li>A. Steinbruch e P. Winterle, Geometria Anal\u00edtica, Makron Books, S\u00e3o Paulo, 2a edi\u00e7\u00e3o \u2013 1987.<\/li>\n\n\n\n<li>P. Boulos e I. C. Oliveira, Geometria Anal\u00edtica-um tratamento vetorial, McGraw-Hill, S\u00e3o Paulo, 2a edi\u00e7\u00e3o-2000 .<\/li>\n\n\n\n<li>L. Leithold, O C\u00e1lculo com geometria anal\u00edtica,Vol. 1,Harbra, S\u00e3o Paulo, 2a edi\u00e7\u00e3o \u2013 1977.<\/li>\n\n\n\n<li>C. Wexler, Analitic Geometry \u2013 A Vector Approach, Addison-Wesley, 1964.<\/li>\n\n\n\n<li>J. L. Boldrini, S. I. R. Costa, V. L. Figueiredo e H. G. Wetzler, \u00c1lgebra linear, Harbra, S\u00e3o Paulo, 3a edi\u00e7\u00e3o, 1986.<\/li>\n<\/ul>\n\n\n\n<h2 class=\"wp-block-heading\">Bibliografia adicional<\/h2>\n\n\n\n<ul class=\"wp-block-list\">\n<li><strong>Aulas do Ricardo Miranda:&nbsp;<a href=\"https:\/\/cursos.ime.unicamp.br\/disciplinas\/geometria-analitica\/\" target=\"_blank\" rel=\"noreferrer noopener\">https:\/\/cursos.ime.unicamp.br\/disciplinas\/geometria-analitica\/<\/a><\/strong><br><strong>Obs.:<\/strong>&nbsp;S\u00e3o aulas de 2 horas, dificilmente podem ser usadas como v\u00eddeo extra. Por\u00e9m, h\u00e1 indica\u00e7o\u1ebds de \u201cmicro-aulas\u201d de 20min, baseadas em material da Khan academy, que pode ser eventualmente \u00fatil.<\/li>\n\n\n\n<li><strong>Aulas da UNIVESP:<\/strong><a href=\"https:\/\/www.youtube.com\/playlist?list=PL5hsAGBEFEEVcmgtCZgAUOSLs8m8XUgjt\" target=\"_blank\" rel=\"noreferrer noopener\">&nbsp;https:\/\/www.youtube.com\/playlist?list=PL5hsAGBEFEEVcmgtCZgAUOSLs8m8XUgjt<\/a>\n<ul class=\"wp-block-list\">\n<li>\u00cdndice das v\u00eddeo-aulas, conforme cronograma:\n<ul class=\"wp-block-list\">\n<li><strong>Bloco I:<\/strong>&nbsp;&nbsp;&nbsp;Aulas 1-7<\/li>\n\n\n\n<li><strong>Bloco II:<\/strong>&nbsp;&nbsp;Aulas 8-15<\/li>\n\n\n\n<li><strong>Bloco III:<\/strong>&nbsp;Aulas 23-27<\/li>\n<\/ul>\n<\/li>\n\n\n\n<li>Lista das aulas da Univesp com links individuais:\n<ul class=\"wp-block-list\">\n<li><a href=\"https:\/\/www.youtube.com\/watch?v=oD84gokfleA&amp;list=PL5hsAGBEFEEVcmgtCZgAUOSLs8m8XUgjt\" target=\"_blank\" rel=\"noreferrer noopener\">GAAL &#8211; Aula 01 &#8211; Sistema de Equa\u00e7\u00f5es Lineares I<\/a><\/li>\n\n\n\n<li><a href=\"https:\/\/www.youtube.com\/watch?v=0Xcz9IZzb7M&amp;list=PL5hsAGBEFEEVcmgtCZgAUOSLs8m8XUgjt&amp;index=2\" target=\"_blank\" rel=\"noreferrer noopener\">GAAL &#8211; Aula 02 &#8211; Matrizes I<\/a><\/li>\n\n\n\n<li><a href=\"https:\/\/www.youtube.com\/watch?v=LzU_KoWuLZo&amp;list=PL5hsAGBEFEEVcmgtCZgAUOSLs8m8XUgjt&amp;index=3\" target=\"_blank\" rel=\"noreferrer noopener\">GAAL &#8211; Aula 03 &#8211; Sistema de Equa\u00e7\u00f5es Lineares II<\/a><\/li>\n\n\n\n<li><a href=\"https:\/\/www.youtube.com\/watch?v=LBfcE8gK4kU&amp;list=PL5hsAGBEFEEVcmgtCZgAUOSLs8m8XUgjt&amp;index=4\" target=\"_blank\" rel=\"noreferrer noopener\">GAAL &#8211; Aula 04 &#8211; Sistema de Equa\u00e7\u00f5es Lineares II<\/a><\/li>\n\n\n\n<li><a href=\"https:\/\/www.youtube.com\/watch?v=RNy8yHghiVA&amp;list=PL5hsAGBEFEEVcmgtCZgAUOSLs8m8XUgjt&amp;index=5\" target=\"_blank\" rel=\"noreferrer noopener\">GAAL &#8211; Aula 05 &#8211; Matriz Inversa<\/a><\/li>\n\n\n\n<li><a href=\"https:\/\/www.youtube.com\/watch?v=n0VW6zcwuT4&amp;list=PL5hsAGBEFEEVcmgtCZgAUOSLs8m8XUgjt&amp;index=6\" target=\"_blank\" rel=\"noreferrer noopener\">GAAL &#8211; Aula 06 &#8211; M\u00e9todo de invers\u00e3o de matriz<\/a><\/li>\n\n\n\n<li><a href=\"https:\/\/www.youtube.com\/watch?v=novqED_7dI8&amp;list=PL5hsAGBEFEEVcmgtCZgAUOSLs8m8XUgjt&amp;index=7\" target=\"_blank\" rel=\"noreferrer noopener\">GAAL &#8211; Aula 07 &#8211; Determinantes<\/a><\/li>\n\n\n\n<li><a href=\"https:\/\/www.youtube.com\/watch?v=GzDLLoLljII&amp;list=PL5hsAGBEFEEVcmgtCZgAUOSLs8m8XUgjt&amp;index=8\" target=\"_blank\" rel=\"noreferrer noopener\">GAAL &#8211; Aula 08 &#8211; Vetores no Plano e no Espa\u00e7o<\/a><\/li>\n\n\n\n<li><a href=\"https:\/\/www.youtube.com\/watch?v=V5B67r4uFs0&amp;list=PL5hsAGBEFEEVcmgtCZgAUOSLs8m8XUgjt&amp;index=9\" target=\"_blank\" rel=\"noreferrer noopener\">GAAL &#8211; Aula 09 &#8211; Espa\u00e7os Vetoriais<\/a><\/li>\n\n\n\n<li><a href=\"https:\/\/www.youtube.com\/watch?v=jJP56EHa-54&amp;list=PL5hsAGBEFEEVcmgtCZgAUOSLs8m8XUgjt&amp;index=10\" target=\"_blank\" rel=\"noreferrer noopener\">GAAL &#8211; Aula 10 &#8211; Produto Escalar<\/a><\/li>\n\n\n\n<li><a href=\"https:\/\/www.youtube.com\/watch?v=KH4WM2Yzn2s&amp;list=PL5hsAGBEFEEVcmgtCZgAUOSLs8m8XUgjt&amp;index=11\" target=\"_blank\" rel=\"noreferrer noopener\">GAAL &#8211; Aula 11 &#8211; \u00c2ngulo entre dois Vetores<\/a><\/li>\n\n\n\n<li><a href=\"https:\/\/www.youtube.com\/watch?v=Mm2OxB-rWdw&amp;list=PL5hsAGBEFEEVcmgtCZgAUOSLs8m8XUgjt&amp;index=12\" target=\"_blank\" rel=\"noreferrer noopener\">GAAL &#8211; Aula 12 &#8211; Produto Vetorial e Misto<\/a><\/li>\n\n\n\n<li><a href=\"https:\/\/www.youtube.com\/watch?v=92jlJTW11Sk&amp;list=PL5hsAGBEFEEVcmgtCZgAUOSLs8m8XUgjt&amp;index=13\" target=\"_blank\" rel=\"noreferrer noopener\">GAAL &#8211; Aula 13 &#8211; Retas no Plano e no Espa\u00e7o<\/a><\/li>\n\n\n\n<li><a href=\"https:\/\/www.youtube.com\/watch?v=jhqj6HPBMbc&amp;list=PL5hsAGBEFEEVcmgtCZgAUOSLs8m8XUgjt&amp;index=14\" target=\"_blank\" rel=\"noreferrer noopener\">GAAL &#8211; Aula 14 &#8211; Planos no Espa\u00e7o<\/a><\/li>\n\n\n\n<li><a href=\"https:\/\/www.youtube.com\/watch?v=9SLfku9_mqY&amp;list=PL5hsAGBEFEEVcmgtCZgAUOSLs8m8XUgjt&amp;index=15\" target=\"_blank\" rel=\"noreferrer noopener\">GAAL &#8211; Aula 15 &#8211; Dist\u00e2ncia e \u00c2ngulos<\/a><\/li>\n\n\n\n<li><a href=\"https:\/\/www.youtube.com\/watch?v=l13GR80odc0&amp;list=PL5hsAGBEFEEVcmgtCZgAUOSLs8m8XUgjt&amp;index=16\" target=\"_blank\" rel=\"noreferrer noopener\">GAAL &#8211; Aula 16 &#8211; Combina\u00e7\u00f5es Lineares. Subespa\u00e7os<\/a><\/li>\n\n\n\n<li><a href=\"https:\/\/www.youtube.com\/watch?v=o9yEWMlRk-U&amp;list=PL5hsAGBEFEEVcmgtCZgAUOSLs8m8XUgjt&amp;index=17\" target=\"_blank\" rel=\"noreferrer noopener\">GAAL &#8211; Aula 17 &#8211; Independ\u00eancia Linear, Base e Dimens\u00e3o<\/a><\/li>\n\n\n\n<li><a href=\"https:\/\/www.youtube.com\/watch?v=GG0l7plSEAs&amp;list=PL5hsAGBEFEEVcmgtCZgAUOSLs8m8XUgjt&amp;index=18\" target=\"_blank\" rel=\"noreferrer noopener\">GAAL &#8211; Aula 18 &#8211; Transforma\u00e7\u00f5es Lineares<\/a><\/li>\n\n\n\n<li><a href=\"https:\/\/www.youtube.com\/watch?v=5KMgCvSeBB4&amp;list=PL5hsAGBEFEEVcmgtCZgAUOSLs8m8XUgjt&amp;index=19\" target=\"_blank\" rel=\"noreferrer noopener\">GAAL &#8211; Aula 19 &#8211; Mudan\u00e7a de Base, Representa\u00e7\u00e3o Matricial<\/a><\/li>\n\n\n\n<li><a href=\"https:\/\/www.youtube.com\/watch?v=VbSm4bMufts&amp;list=PL5hsAGBEFEEVcmgtCZgAUOSLs8m8XUgjt&amp;index=20\" target=\"_blank\" rel=\"noreferrer noopener\">GAAL &#8211; Aula 20 &#8211; N\u00facleo e Imagem, Proje\u00e7\u00f5es<\/a><\/li>\n\n\n\n<li><a href=\"https:\/\/www.youtube.com\/watch?v=w4hLtBIYghg&amp;list=PL5hsAGBEFEEVcmgtCZgAUOSLs8m8XUgjt&amp;index=21\" target=\"_blank\" rel=\"noreferrer noopener\">GAAL &#8211; Aula 21 &#8211; Autovalores e Autovetores<\/a><\/li>\n\n\n\n<li><a href=\"https:\/\/www.youtube.com\/watch?v=wh-qG0uhS1M&amp;list=PL5hsAGBEFEEVcmgtCZgAUOSLs8m8XUgjt&amp;index=22\" target=\"_blank\" rel=\"noreferrer noopener\">GAAL &#8211; Aula 22 &#8211; Diagonaliza\u00e7\u00e3o<\/a><\/li>\n\n\n\n<li><a href=\"https:\/\/www.youtube.com\/watch?v=6Hl6kVsgwag&amp;list=PL5hsAGBEFEEVcmgtCZgAUOSLs8m8XUgjt&amp;index=23\" target=\"_blank\" rel=\"noreferrer noopener\">GAAL &#8211; Aula 23 &#8211; Se\u00e7\u00f5es C\u00f4nicas: Representa\u00e7\u00e3o Matricial<\/a><\/li>\n\n\n\n<li><a href=\"https:\/\/www.youtube.com\/watch?v=Buuo2loUb28&amp;list=PL5hsAGBEFEEVcmgtCZgAUOSLs8m8XUgjt&amp;index=24\" target=\"_blank\" rel=\"noreferrer noopener\">GAAL &#8211; Aula 24 &#8211; Transla\u00e7\u00e3o de C\u00f4nicas<\/a><\/li>\n\n\n\n<li><a href=\"https:\/\/www.youtube.com\/watch?v=r2oOfbXd5Cw&amp;list=PL5hsAGBEFEEVcmgtCZgAUOSLs8m8XUgjt&amp;index=25\" target=\"_blank\" rel=\"noreferrer noopener\">GAAL &#8211; Aula 25 &#8211; Rota\u00e7\u00e3o de C\u00f4nicas<\/a><\/li>\n\n\n\n<li><a href=\"https:\/\/www.youtube.com\/watch?v=Z-6-nwsmx5Q&amp;list=PL5hsAGBEFEEVcmgtCZgAUOSLs8m8XUgjt&amp;index=26\" target=\"_blank\" rel=\"noreferrer noopener\">GAAL &#8211; Aula 26 &#8211; Coordenadas Polares<\/a><\/li>\n\n\n\n<li><a href=\"https:\/\/www.youtube.com\/watch?v=ae-4nx-aoy4&amp;list=PL5hsAGBEFEEVcmgtCZgAUOSLs8m8XUgjt&amp;index=27\" target=\"_blank\" rel=\"noreferrer noopener\">GAAL &#8211; Aula 27 &#8211; Coordenadas Cil\u00edndricas e Esf\u00e9ricas<\/a><\/li>\n\n\n\n<li><a href=\"https:\/\/www.youtube.com\/watch?v=jvyI28jibws&amp;list=PL5hsAGBEFEEVcmgtCZgAUOSLs8m8XUgjt&amp;index=28\" target=\"_blank\" rel=\"noreferrer noopener\">GAAL &#8211; Aula 28 &#8211; Campos Vetoriais em R<sup>n<\/sup>. Exemplos em R<sup>2<\/sup> e R<sup>3<\/sup><\/a><\/li>\n<\/ul>\n<\/li>\n<\/ul>\n<\/li>\n<\/ul>\n\n\n\n<h2 class=\"wp-block-heading\">Monitorias gravadas pelos PADs (anos anteriores)<\/h2>\n\n\n\n<p class=\"wp-block-paragraph\">Os v\u00eddeos podem ser encontrados no canal do youtube&nbsp;<em>Geometria Anal\u00edtica Coordenadas<\/em>, \u00e9 poss\u00edvel acess\u00e1-los atrav\u00e9s dos links:<\/p>\n\n\n\n<ul class=\"wp-block-list\">\n<li><a href=\"https:\/\/youtube.com\/playlist?list=PLDXpEx3Fdmmf98UkpP3Gvj0QBlUwHanvP\" target=\"_blank\" rel=\"noreferrer noopener\">Monitorias de segunda-feira &#8211; MA141 &#8211; 1S2021<\/a><\/li>\n\n\n\n<li><a href=\"https:\/\/www.youtube.com\/playlist?list=PLDXpEx3FdmmflFMoT-wv8wL-pIDf6MwH_\" target=\"_blank\" rel=\"noreferrer noopener\">Monitorias de ter\u00e7a-feira &#8211; MA141 &#8211; 1S2021<\/a><\/li>\n\n\n\n<li><a href=\"https:\/\/www.youtube.com\/playlist?list=PLDXpEx3Fdmme_oxxqFFGURtJh0Nlgp2x7\" target=\"_blank\" rel=\"noreferrer noopener\">Monitorias de quarta-feira &#8211; MA141 &#8211; 1S2021<\/a><\/li>\n\n\n\n<li><a href=\"https:\/\/www.youtube.com\/playlist?list=PLDXpEx3Fdmmd-rAeirf4hekcECIKS8w3P\" target=\"_blank\" rel=\"noreferrer noopener\">Monitorias de quinta-feira &#8211; MA141 &#8211; 1S2021<\/a><\/li>\n\n\n\n<li><a href=\"https:\/\/youtube.com\/playlist?list=PLDXpEx3FdmmcpLBbnbAeF_gy3ynHetnfe\" target=\"_blank\" rel=\"noreferrer noopener\">Monitorias de sexta-feira &#8211; MA141 &#8211; 1S2021<\/a><\/li>\n<\/ul>\n\n\n\n<h2 class=\"wp-block-heading\">Dicas<\/h2>\n\n\n\n<p class=\"wp-block-paragraph\"><strong>Sobre o conte\u00fado de Geometria Anal\u00edtica<\/strong><\/p>\n\n\n\n<p class=\"wp-block-paragraph\">Os t\u00f3picos abordados na disciplina constituem as ferramentas b\u00e1sicas de todas as ci\u00eancias exatas. Assim, o conte\u00fado desta disciplina \u00e9 de fundamental import\u00e2ncia ao curso dos estudos futuros em particular para \u00c1lgebra Linear e C\u00e1lculo II. Por outro lado, fica dif\u00edcil dentro da disciplina mostrar o uso pr\u00e1tico destas ferramentas, sendo os exemplos muitas as vezes restritos a situa\u00e7\u00f5es bastante simplificadas. \u00c9 importante n\u00e3o se deixar enganar por esta discrep\u00e2ncia e n\u00e3o subestimar a import\u00e2ncia do aprendizado da mat\u00e9ria.<\/p>\n\n\n\n<p class=\"wp-block-paragraph\"><strong>Sobre as dificuldades do Geometria Anal\u00edtica<\/strong><\/p>\n\n\n\n<p class=\"wp-block-paragraph\">Os conceitos b\u00e1sicos de Geometr\u00eda Anal\u00edtica n\u00e3o apresentam grandes dificuldades de entendimento para o\/a aluno\/a dedicado\/a. Mesmo assim, a resolu\u00e7\u00e3o de exerc\u00edcios com conhecimentos inclui um grande n\u00famero de detalhes que podem dificultar o \u00eaxito. Desta forma, \u00e9 muito f\u00e1cil se enganar quanto ao seu estado de aprendizado e entendimento. A maneira mais f\u00e1cil, mesmo que trabalhosa, de garantir sucesso na disciplina \u00e9 resolver o maior n\u00famero de exerc\u00edcios poss\u00edvel e por conta pr\u00f3pria. Dada a situa\u00e7\u00e3o de dificuldades nos detalhes dos exerc\u00edcios, a melhor maneira de estudar se d\u00e1 trabalhando em dois est\u00e1gios, sendo o primeiro o estudo individual, tentando resolver um n\u00famero razo\u00e1vel de exerc\u00edcios referentes a uma determinada parte da mat\u00e9ria, seguido pela discuss\u00e3o em grupo dos resultados e dos erros cometidos, bem como dos exerc\u00edcios n\u00e3o resolvidos.<\/p>\n\n\n\n<p class=\"wp-block-paragraph\"><strong>Sobre a disciplina de Geometria Anal\u00edtica<\/strong><\/p>\n\n\n\n<p class=\"wp-block-paragraph\">A disciplina apresenta os t\u00f3picos a serem abordados de forma comprimida, come\u00e7ando por alguns conceitos que j\u00e1 s\u00e3o conhecidos do ensino m\u00e9dio e adicionando mat\u00e9ria nova a cada aula te\u00f3rica. Sendo assim, \u00e9 muito importante acompanhar o material apresentado com estudos pr\u00f3prios. O n\u00e3o comparecimento \u00e0s aulas prejudica consider\u00e1velmente o estudo e acompanhamento das aulas seguintes fazendo com que estas se tornem frustrantes e duas horas perdidas que poderiam ser melhor aproveitadas. Uma possibilidade muito interessante \u00e9 ler com antecipa\u00e7\u00e3o o material previsto no cronograma para a pr\u00f3xima aula, para j\u00e1 estar preparado\/a de fazer perguntas a respeito de um determinado assunto assim que ele for apresentado na aula te\u00f3rica.<\/p>\n\n\n\n<p class=\"wp-block-paragraph\"><strong>Sobre a estrutura da disciplina<\/strong><\/p>\n\n\n\n<p class=\"wp-block-paragraph\">A disciplina de Geometria Anal\u00edtica \u00e9 organizada em duas partes. Nas ter\u00e7as e quintas-feiras, haver\u00e1 aulas te\u00f3ricas, que explicam o porqu\u00ea dos assuntos abordados e se resolvem exerc\u00edcios na lousa. Todos os dias das 13 \u00e0s 14 hs e das 18 \u00e0s 19 hs haver\u00e1 atendimento por parte dos PADs, onde haver\u00e1 oportunidade de tirar d\u00favidas sobre os exerc\u00edcios que aparecem nas listas.<\/p>\n\n\n\n<p class=\"wp-block-paragraph\"><strong>Sobre o conte\u00fado das provas<\/strong><\/p>\n\n\n\n<p class=\"wp-block-paragraph\">As provas tem dura\u00e7\u00e3o de 1:50 hs. Sendo assim, consistem usualmente de quatro ou cinco quest\u00f5es. Estas quest\u00f5es costumam ser varia\u00e7\u00f5es de provas de anos anteriores. \u00c9 muito usual que uma quest\u00e3o trate de mais que um conceito aprendido, fazendo com que fique diferente dos exerc\u00edcos do livro, que costumam refor\u00e7ar somente o conceito tratado na referente se\u00e7\u00e3o. Sendo assim, recomenda-se treinar tamb\u00e9m mediante os exerc\u00edcios das provas de semestres anteriores.<\/p>\n\n\n\n<p class=\"wp-block-paragraph\"><strong>Sobre as provas<\/strong><\/p>\n\n\n\n<p class=\"wp-block-paragraph\">Para aproveitar ao m\u00e1ximo o tempo dispon\u00edvel, as provas come\u00e7ar\u00e3o exatamente no momento previsto para o in\u00edcio da aula. Recomenda-se escolher os meios de transporte nos dias de prova de modo a garantir a presen\u00e7a pontual, possivelmente antecipando a chegada em alguns minutos.<\/p>\n\n\n\n<h2 class=\"wp-block-heading\">Provas antigas<\/h2>\n\n\n\n<p class=\"wp-block-paragraph\">A seguir colocamos algumas provas de anos anteriores cortesia do professor Plamen Emilov Kochloukov.<\/p>\n\n\n\n<figure class=\"wp-block-table is-style-stripes\"><table><thead><tr><th>Provas \/ exames antigos<\/th><\/tr><\/thead><tbody><tr><td><a href=\"\/ma141\/wp-content\/uploads\/sites\/10\/provas\/ma141-exame-2022.pdf\" target=\"_blank\" rel=\"noreferrer noopener\">Exame &#8211; GA &#8211; 2022.pdf<\/a><\/td><\/tr><tr><td><a href=\"\/ma141\/wp-content\/uploads\/sites\/10\/provas\/ma141-p3-2022.pdf\" target=\"_blank\" rel=\"noreferrer noopener\">P3 &#8211; GA &#8211; 2022.pdf<\/a><\/td><\/tr><tr><td><a href=\"\/ma141\/wp-content\/uploads\/sites\/10\/provas\/ma141-p2-2022.pdf\" target=\"_blank\" rel=\"noreferrer noopener\">P2 &#8211; GA &#8211; 2022.pdf<\/a><\/td><\/tr><tr><td><a href=\"\/ma141\/wp-content\/uploads\/sites\/10\/provas\/Exame-ma141-2020.pdf\" target=\"_blank\" rel=\"noreferrer noopener\">Exame &#8211; GA &#8211; 2020.pdf<\/a><\/td><\/tr><tr><td><a href=\"\/ma141\/wp-content\/uploads\/sites\/10\/provas\/P2-ma141-2020.pdf\">P2 &#8211; GA &#8211; 2020.pdf<\/a><\/td><\/tr><tr><td><a href=\"\/ma141\/wp-content\/uploads\/sites\/10\/provas\/P1-ma141-2020.pdf\" target=\"_blank\" rel=\"noreferrer noopener\">P1 &#8211; GA &#8211; 2020.pdf<\/a><\/td><\/tr><tr><td><a href=\"\/ma141\/wp-content\/uploads\/sites\/10\/provas\/ma141-exame-2019.pdf\" target=\"_blank\" rel=\"noreferrer noopener\">Exame &#8211; GA &#8211; 2019.pdf<\/a><\/td><\/tr><tr><td><a href=\"\/ma141\/wp-content\/uploads\/sites\/10\/provas\/ma141-p3-2019.pdf\">P3 &#8211; GA &#8211; 2019.<\/a><a href=\"\/ma141\/wp-content\/uploads\/sites\/10\/provas\/ma141-p3-2019.pdf\" target=\"_blank\" rel=\"noreferrer noopener\">p<\/a><a href=\"http:\/\/disciplinas.ime.unicamp.br\/ma141\/wp-content\/uploads\/sites\/10\/2024\/01\/ma141-p3-2019.pdf\">df<\/a><\/td><\/tr><tr><td><a href=\"\/ma141\/wp-content\/uploads\/sites\/10\/provas\/ma141-p2-2019.pdf\" target=\"_blank\" rel=\"noreferrer noopener\">P2 &#8211; GA &#8211; 2019.pdf<\/a><\/td><\/tr><tr><td><a href=\"\/ma141\/wp-content\/uploads\/sites\/10\/provas\/ma141-p1-2019.pdf\" target=\"_blank\" rel=\"noreferrer noopener\">P1 &#8211; GA &#8211; 2019.pdf<\/a><\/td><\/tr><tr><td><a href=\"\/ma141\/wp-content\/uploads\/sites\/10\/provas\/ma141-p3-2018.pdf\" target=\"_blank\" rel=\"noreferrer noopener\">P3 &#8211; GA &#8211; 2018.pdf<\/a><\/td><\/tr><tr><td><a href=\"\/ma141\/wp-content\/uploads\/sites\/10\/provas\/ma141-p2-2018.pdf\" target=\"_blank\" rel=\"noreferrer noopener\">P2 &#8211; GA &#8211; 2018.pdf<\/a><\/td><\/tr><tr><td><a href=\"\/ma141\/wp-content\/uploads\/sites\/10\/provas\/ma141-p1-2018.pdf\" target=\"_blank\" rel=\"noreferrer noopener\">P1 &#8211; GA &#8211; 2018.pdf<\/a><\/td><\/tr><tr><td><a href=\"\/ma141\/wp-content\/uploads\/sites\/10\/provas\/ma141-exame-2017.pdf\" target=\"_blank\" rel=\"noreferrer noopener\">Exame &#8211; GA &#8211; 2017.pdf<\/a><\/td><\/tr><tr><td><a href=\"\/ma141\/wp-content\/uploads\/sites\/10\/provas\/ma141-segundachamada-2017.pdf\" target=\"_blank\" rel=\"noreferrer noopener\">Segunda Chamada &#8211; GA &#8211; 2017.pdf<\/a><\/td><\/tr><tr><td><a href=\"\/ma141\/wp-content\/uploads\/sites\/10\/provas\/ma141-p3-2017.pdf\" target=\"_blank\" rel=\"noreferrer noopener\">P3 &#8211; GA &#8211; 2017.pdf<\/a><\/td><\/tr><tr><td><a href=\"\/ma141\/wp-content\/uploads\/sites\/10\/provas\/ma141-p2-2017.pdf\" target=\"_blank\" rel=\"noreferrer noopener\">P2 &#8211; GA &#8211; 2017.pdf<\/a><\/td><\/tr><tr><td><a href=\"\/ma141\/wp-content\/uploads\/sites\/10\/provas\/ma141-p1-2017.pdf\" target=\"_blank\" rel=\"noreferrer noopener\">P1 &#8211; GA &#8211; 2017.pdf<\/a><\/td><\/tr><tr><td><a href=\"\/ma141\/wp-content\/uploads\/sites\/10\/provas\/ma141-exame-2015.pdf\" target=\"_blank\" rel=\"noreferrer noopener\">Exame &#8211; GA &#8211; 2015.pdf<\/a><\/td><\/tr><tr><td><a href=\"\/ma141\/wp-content\/uploads\/sites\/10\/provas\/ma141-p3-2015.pdf\" target=\"_blank\" rel=\"noreferrer noopener\">P3 &#8211; GA &#8211; 2015.pdf<\/a><\/td><\/tr><tr><td><a href=\"\/ma141\/wp-content\/uploads\/sites\/10\/provas\/ma141-p2-2015.pdf\" target=\"_blank\" rel=\"noreferrer noopener\">P2 &#8211; GA &#8211; 2015.pdf<\/a><\/td><\/tr><tr><td><a href=\"\/ma141\/wp-content\/uploads\/sites\/10\/provas\/ma141-p1-2015.pdf\" target=\"_blank\" rel=\"noreferrer noopener\">P1 &#8211; GA &#8211; 2015.pdf<\/a><\/td><\/tr><tr><td><a href=\"\/ma141\/wp-content\/uploads\/sites\/10\/provas\/ma141-p3-2014.pdf\" target=\"_blank\" rel=\"noreferrer noopener\">P3 &#8211; GA &#8211; 2014.pdf<\/a><\/td><\/tr><tr><td><a href=\"\/ma141\/wp-content\/uploads\/sites\/10\/provas\/ma141-p2-2014.pdf\" target=\"_blank\" rel=\"noreferrer noopener\">P2 &#8211; GA &#8211; 2014.pdf<\/a><\/td><\/tr><tr><td><a href=\"\/ma141\/wp-content\/uploads\/sites\/10\/provas\/ma141-p1-2014.pdf\" target=\"_blank\" rel=\"noreferrer noopener\">P1 &#8211; GA &#8211; 2014.pdf<\/a><\/td><\/tr><tr><td><a href=\"\/ma141\/wp-content\/uploads\/sites\/10\/provas\/ma141-segundachamada-2013.pdf\" target=\"_blank\" rel=\"noreferrer noopener\">Segunda Chamada &#8211; GA &#8211; 2013.pdf<\/a><\/td><\/tr><tr><td><a href=\"\/ma141\/wp-content\/uploads\/sites\/10\/provas\/ma141-p3-2013.pdf\" target=\"_blank\" rel=\"noreferrer noopener\">P3 &#8211; GA &#8211; 2013.pdf<\/a><\/td><\/tr><tr><td><a href=\"\/ma141\/wp-content\/uploads\/sites\/10\/2024\/01\/ma141-p2-2013.pdf\" data-type=\"link\" data-id=\"http:\/\/disciplinas.ime.unicamp.br\/ma141\/wp-content\/uploads\/sites\/10\/2024\/01\/ma141-p2-2013.pdf\" target=\"_blank\" rel=\"noreferrer noopener\">P2 &#8211; GA &#8211; 2013.<\/a><a href=\"\/ma141\/wp-content\/uploads\/sites\/10\/provas\/ma141-p2-2013.pdf\" data-type=\"link\" data-id=\"http:\/\/disciplinas.ime.unicamp.br\/ma141\/wp-content\/uploads\/sites\/10\/2024\/01\/ma141-p2-2013.pdf\">pdf<\/a><\/td><\/tr><tr><td><a href=\"\/ma141\/wp-content\/uploads\/sites\/10\/provas\/ma141-p1-2013.pdf\" target=\"_blank\" rel=\"noreferrer noopener\">P1 &#8211; GA &#8211; 2013.pdf<\/a><\/td><\/tr><tr><td><a href=\"\/ma141\/wp-content\/uploads\/sites\/10\/provas\/ma141-p3-2012.pdf\" target=\"_blank\" rel=\"noreferrer noopener\">P3 &#8211; GA &#8211; 2012.pdf<\/a><\/td><\/tr><tr><td><a href=\"\/ma141\/wp-content\/uploads\/sites\/10\/provas\/ma141-p2-2012.pdf\" target=\"_blank\" rel=\"noreferrer noopener\">P2 &#8211; GA &#8211; 2012.pdf<\/a><\/td><\/tr><tr><td><a href=\"\/ma141\/wp-content\/uploads\/sites\/10\/provas\/ma141-p1-2012.pdf\" target=\"_blank\" rel=\"noreferrer noopener\">P1 &#8211; GA &#8211; 2012.pdf<\/a><\/td><\/tr><tr><td><a href=\"\/ma141\/wp-content\/uploads\/sites\/10\/provas\/ma141-p3-2011.pdf\" target=\"_blank\" rel=\"noreferrer noopener\">P3 &#8211; GA &#8211; 2011.pdf<\/a><\/td><\/tr><tr><td><a href=\"\/ma141\/wp-content\/uploads\/sites\/10\/provas\/ma141-p2-2011.pdf\" target=\"_blank\" rel=\"noreferrer noopener\">P2 &#8211; GA &#8211; 2011.pdf<\/a><\/td><\/tr><tr><td><a href=\"\/ma141\/wp-content\/uploads\/sites\/10\/provas\/ma141-p1-2011.pdf\" target=\"_blank\" rel=\"noreferrer noopener\">P1 &#8211; GA &#8211; 2011.pdf<\/a><\/td><\/tr><tr><td><a href=\"\/ma141\/wp-content\/uploads\/sites\/10\/provas\/ma141-p3-2009.pdf\" target=\"_blank\" rel=\"noreferrer noopener\">P3 &#8211; GA &#8211; 2009.pdf<\/a><\/td><\/tr><tr><td><a href=\"\/ma141\/wp-content\/uploads\/sites\/10\/provas\/ma141-p2-2009.pdf\" target=\"_blank\" rel=\"noreferrer noopener\">P2 &#8211; GA &#8211; 2009.<\/a><a href=\"\/ma141\/wp-content\/uploads\/sites\/10\/2024\/01\/ma141-p2-2009.pdf\" target=\"_blank\" rel=\"noreferrer noopener\">pdf<\/a><\/td><\/tr><tr><td><a href=\"\/ma141\/wp-content\/uploads\/sites\/10\/provas\/ma141-p1-2009.pdf\" target=\"_blank\" rel=\"noreferrer noopener\">P1 &#8211; GA &#8211; 2009.pdf<\/a><\/td><\/tr><\/tbody><\/table><\/figure>\n\n\n\n<p class=\"wp-block-paragraph\"><\/p>\n","protected":false},"excerpt":{"rendered":"<p>Livro-texto da disciplina: Outros bons livros de consulta e que est\u00e3o dispon\u00edveis na UNICAMP s\u00e3o: Bibliografia adicional Monitorias gravadas pelos PADs (anos anteriores) Os v\u00eddeos podem ser encontrados no canal do youtube&nbsp;Geometria Anal\u00edtica Coordenadas, \u00e9 poss\u00edvel acess\u00e1-los atrav\u00e9s dos links: Dicas Sobre o conte\u00fado de Geometria Anal\u00edtica Os t\u00f3picos abordados na disciplina constituem as ferramentas [&hellip;]<\/p>\n","protected":false},"author":10,"featured_media":0,"parent":0,"menu_order":0,"comment_status":"closed","ping_status":"closed","template":"","meta":{"footnotes":""},"class_list":["post-21","page","type-page","status-publish","hentry"],"_links":{"self":[{"href":"https:\/\/disciplinas.ime.unicamp.br\/ma141\/wp-json\/wp\/v2\/pages\/21","targetHints":{"allow":["GET"]}}],"collection":[{"href":"https:\/\/disciplinas.ime.unicamp.br\/ma141\/wp-json\/wp\/v2\/pages"}],"about":[{"href":"https:\/\/disciplinas.ime.unicamp.br\/ma141\/wp-json\/wp\/v2\/types\/page"}],"author":[{"embeddable":true,"href":"https:\/\/disciplinas.ime.unicamp.br\/ma141\/wp-json\/wp\/v2\/users\/10"}],"replies":[{"embeddable":true,"href":"https:\/\/disciplinas.ime.unicamp.br\/ma141\/wp-json\/wp\/v2\/comments?post=21"}],"version-history":[{"count":11,"href":"https:\/\/disciplinas.ime.unicamp.br\/ma141\/wp-json\/wp\/v2\/pages\/21\/revisions"}],"predecessor-version":[{"id":430,"href":"https:\/\/disciplinas.ime.unicamp.br\/ma141\/wp-json\/wp\/v2\/pages\/21\/revisions\/430"}],"wp:attachment":[{"href":"https:\/\/disciplinas.ime.unicamp.br\/ma141\/wp-json\/wp\/v2\/media?parent=21"}],"curies":[{"name":"wp","href":"https:\/\/api.w.org\/{rel}","templated":true}]}}